{"id":1854,"date":"2022-03-13T11:59:48","date_gmt":"2022-03-13T14:59:48","guid":{"rendered":"http:\/\/localhost\/henoinew\/?page_id=1854"},"modified":"2025-07-20T17:55:54","modified_gmt":"2025-07-20T20:55:54","slug":"integrantes","status":"publish","type":"page","link":"https:\/\/henoi.org.py\/index.php\/integrantes\/","title":{"rendered":"Integrantes"},"content":{"rendered":"\t\t<div data-elementor-type=\"wp-page\" data-elementor-id=\"1854\" class=\"elementor elementor-1854\" data-elementor-post-type=\"page\">\n\t\t\t\t<div class=\"elementor-element elementor-element-34d2bfb e-flex e-con-boxed wpr-particle-no wpr-jarallax-no wpr-parallax-no wpr-sticky-section-no e-con e-parent\" data-id=\"34d2bfb\" data-element_type=\"container\" data-settings=\"{&quot;background_background&quot;:&quot;classic&quot;}\">\n\t\t\t\t\t<div class=\"e-con-inner\">\n\t\t\t\t<div class=\"elementor-element elementor-element-cf9053b elementor-widget elementor-widget-heading\" data-id=\"cf9053b\" data-element_type=\"widget\" data-widget_type=\"heading.default\">\n\t\t\t\t<div class=\"elementor-widget-container\">\n\t\t\t\t\t<h2 class=\"elementor-heading-title elementor-size-default\">Integrantes<\/h2>\t\t\t\t<\/div>\n\t\t\t\t<\/div>\n\t\t\t\t\t<\/div>\n\t\t\t\t<\/div>\n\t\t\t\t<section class=\"elementor-section elementor-top-section elementor-element elementor-element-861227d elementor-section-boxed elementor-section-height-default elementor-section-height-default wpr-particle-no wpr-jarallax-no wpr-parallax-no wpr-sticky-section-no\" data-id=\"861227d\" data-element_type=\"section\">\n\t\t\t\t\t\t<div class=\"elementor-container elementor-column-gap-default\">\n\t\t\t\t\t<div class=\"elementor-column elementor-col-100 elementor-top-column elementor-element elementor-element-04c0448\" data-id=\"04c0448\" data-element_type=\"column\">\n\t\t\t<div class=\"elementor-widget-wrap elementor-element-populated\">\n\t\t\t\t\t\t<div class=\"elementor-element elementor-element-952e36c elementor-widget elementor-widget-spacer\" data-id=\"952e36c\" data-element_type=\"widget\" data-widget_type=\"spacer.default\">\n\t\t\t\t<div class=\"elementor-widget-container\">\n\t\t\t\t\t\t\t<div class=\"elementor-spacer\">\n\t\t\t<div class=\"elementor-spacer-inner\"><\/div>\n\t\t<\/div>\n\t\t\t\t\t\t<\/div>\n\t\t\t\t<\/div>\n\t\t\t\t<div class=\"elementor-element elementor-element-4844349 elementor-widget elementor-widget-eael-adv-accordion\" data-id=\"4844349\" data-element_type=\"widget\" data-widget_type=\"eael-adv-accordion.default\">\n\t\t\t\t<div class=\"elementor-widget-container\">\n\t\t\t\t\t        <div class=\"eael-adv-accordion\" id=\"eael-adv-accordion-4844349\" data-scroll-on-click=\"no\" data-scroll-speed=\"300\" data-accordion-id=\"4844349\" data-accordion-type=\"accordion\" data-toogle-speed=\"300\">\n    <div class=\"eael-accordion-list\">\n                <div id=\"camila-escauriza\" class=\"elementor-tab-title eael-accordion-header\" tabindex=\"0\" data-tab=\"1\" aria-controls=\"elementor-tab-content-7571\"><span class=\"eael-advanced-accordion-icon-closed\"><i aria-hidden=\"true\" class=\"fa-accordion-icon far fa-address-book\"><\/i><\/span><span class=\"eael-advanced-accordion-icon-opened\"><i aria-hidden=\"true\" class=\"fa-accordion-icon fas fa-minus\"><\/i><\/span><h5 class=\"eael-accordion-tab-title\">Camila Escauriza<\/h5><i aria-hidden=\"true\" class=\"fa-toggle fas fa-angle-right\"><\/i><\/div><div id=\"elementor-tab-content-7571\" class=\"eael-accordion-content clearfix\" data-tab=\"1\" aria-labelledby=\"camila-escauriza\"><p><img fetchpriority=\"high\" decoding=\"async\" class=\"size-medium wp-image-1898 alignleft\" src=\"http:\/\/localhost\/henoinew\/wp-content\/uploads\/2022\/03\/camila-300x300.jpg\" alt=\"\" width=\"300\" height=\"300\" srcset=\"https:\/\/henoi.org.py\/wp-content\/uploads\/2022\/03\/camila-300x300.jpg 300w, https:\/\/henoi.org.py\/wp-content\/uploads\/2022\/03\/camila-150x150.jpg 150w, https:\/\/henoi.org.py\/wp-content\/uploads\/2022\/03\/camila-768x768.jpg 768w, https:\/\/henoi.org.py\/wp-content\/uploads\/2022\/03\/camila.jpg 887w\" sizes=\"(max-width: 300px) 100vw, 300px\" \/>Formada en sociolog\u00eda, su desempe\u00f1o laboral se ha centrado en la administraci\u00f3n de entidades privadas y de la sociedad civil.\u00a0Actualmente se encuentra cursando la carrera de contabilidad. Se define c\u00f3mo soci\u00f3loga, administradora y feminista.<\/p><p>Mail: \u00a0<a href=\"mailto:camiescauriza@gmail.com\" target=\"_blank\" rel=\"noopener\">camiescauriza@gmail.com<\/a><\/p><\/div>\n                <\/div><div class=\"eael-accordion-list\">\n                <div id=\"ins-franceschelli\" class=\"elementor-tab-title eael-accordion-header\" tabindex=\"0\" data-tab=\"2\" aria-controls=\"elementor-tab-content-7572\"><span class=\"eael-advanced-accordion-icon-closed\"><i aria-hidden=\"true\" class=\"fa-accordion-icon far fa-address-book\"><\/i><\/span><span class=\"eael-advanced-accordion-icon-opened\"><i aria-hidden=\"true\" class=\"fa-accordion-icon fas fa-minus\"><\/i><\/span><h5 class=\"eael-accordion-tab-title\">In\u00e9s Franceschelli<\/h5><i aria-hidden=\"true\" class=\"fa-toggle fas fa-angle-right\"><\/i><\/div><div id=\"elementor-tab-content-7572\" class=\"eael-accordion-content clearfix\" data-tab=\"2\" aria-labelledby=\"ins-franceschelli\"><p><img decoding=\"async\" class=\"size-medium wp-image-1858 alignleft\" src=\"http:\/\/localhost\/henoinew\/wp-content\/uploads\/2022\/03\/Ines-2022-300x247.jpg\" alt=\"\" width=\"300\" height=\"247\" srcset=\"https:\/\/henoi.org.py\/wp-content\/uploads\/2022\/03\/Ines-2022-300x247.jpg 300w, https:\/\/henoi.org.py\/wp-content\/uploads\/2022\/03\/Ines-2022-1024x843.jpg 1024w, https:\/\/henoi.org.py\/wp-content\/uploads\/2022\/03\/Ines-2022-768x632.jpg 768w, https:\/\/henoi.org.py\/wp-content\/uploads\/2022\/03\/Ines-2022-1536x1265.jpg 1536w, https:\/\/henoi.org.py\/wp-content\/uploads\/2022\/03\/Ines-2022.jpg 1969w\" sizes=\"(max-width: 300px) 100vw, 300px\" \/>Formada en comunicaci\u00f3n, ha trabajado en medios masivos, en estrategias de comunicaci\u00f3n empresarial y organizacional, y actualmente \u00a0se dedica a la investigaci\u00f3n e incidencia en temas relacionados con la disputa por la tierra, los agronegocios y las violaciones a los derechos humanos. Pone \u00e9nfasis en la vulneraci\u00f3n alimentaria que implica el avance del control corporativo sobre el sistema agroalimentario, desde una perspectiva anticapitalista e internacionalista.<\/p><p>Mail: <a href=\"mailto:ineselisafranceschelli@gmail.com\" target=\"_blank\" rel=\"noopener\">ineselisafranceschelli@gmail.<wbr \/>com<\/a><\/p><\/div>\n                <\/div><div class=\"eael-accordion-list\">\n                <div id=\"miguel-lovera-phd\" class=\"elementor-tab-title eael-accordion-header\" tabindex=\"0\" data-tab=\"3\" aria-controls=\"elementor-tab-content-7573\"><span class=\"eael-advanced-accordion-icon-closed\"><i aria-hidden=\"true\" class=\"fa-accordion-icon far fa-address-book\"><\/i><\/span><span class=\"eael-advanced-accordion-icon-opened\"><i aria-hidden=\"true\" class=\"fa-accordion-icon fas fa-minus\"><\/i><\/span><h5 class=\"eael-accordion-tab-title\">Miguel Lovera Ph.D.<\/h5><i aria-hidden=\"true\" class=\"fa-toggle fas fa-angle-right\"><\/i><\/div><div id=\"elementor-tab-content-7573\" class=\"eael-accordion-content clearfix\" data-tab=\"3\" aria-labelledby=\"miguel-lovera-phd\"><p><img decoding=\"async\" class=\"size-medium wp-image-1902 alignleft\" src=\"http:\/\/localhost\/henoinew\/wp-content\/uploads\/2022\/03\/miguel-300x199.jpg\" alt=\"\" width=\"300\" height=\"199\" srcset=\"https:\/\/henoi.org.py\/wp-content\/uploads\/2022\/03\/miguel-300x199.jpg 300w, https:\/\/henoi.org.py\/wp-content\/uploads\/2022\/03\/miguel-768x510.jpg 768w, https:\/\/henoi.org.py\/wp-content\/uploads\/2022\/03\/miguel.jpg 810w\" sizes=\"(max-width: 300px) 100vw, 300px\" \/>Miguel Lovera es agr\u00f3nomo por la Universidad de Asunci\u00f3n, y cuenta con un doctorado de la Georgia State Agrarian University. Dedic\u00f3 su carrera a la conservaci\u00f3n de plantas in situ a trav\u00e9s de un conjunto diverso de actividades que van desde la investigaci\u00f3n cient\u00edfica y t\u00e9cnica, las pol\u00edticas y la promoci\u00f3n, el activismo y el servicio civil. El enfoque principal de su trabajo es la comprensi\u00f3n de la interfaz entre ciencia y pol\u00edtica.<\/p><p>Mail: <a href=\"mailto:miguellovera.iam@gmail.com\" target=\"_blank\" rel=\"noopener\">miguellovera.iam@gmail.com<\/a><\/p><\/div>\n                <\/div><div class=\"eael-accordion-list\">\n                <div id=\"sara-montiel\" class=\"elementor-tab-title eael-accordion-header\" tabindex=\"0\" data-tab=\"4\" aria-controls=\"elementor-tab-content-7574\"><span class=\"eael-advanced-accordion-icon-closed\"><i aria-hidden=\"true\" class=\"fa-accordion-icon far fa-address-book\"><\/i><\/span><span class=\"eael-advanced-accordion-icon-opened\"><i aria-hidden=\"true\" class=\"fa-accordion-icon fas fa-minus\"><\/i><\/span><h5 class=\"eael-accordion-tab-title\">Sara Montiel<\/h5><i aria-hidden=\"true\" class=\"fa-toggle fas fa-angle-right\"><\/i><\/div><div id=\"elementor-tab-content-7574\" class=\"eael-accordion-content clearfix\" data-tab=\"4\" aria-labelledby=\"sara-montiel\"><p><img loading=\"lazy\" decoding=\"async\" class=\"size-medium wp-image-1881 alignleft\" src=\"http:\/\/localhost\/henoinew\/wp-content\/uploads\/2022\/03\/sara-montiel-scaled-e1647185764588-300x273.jpg\" alt=\"\" width=\"300\" height=\"273\" srcset=\"https:\/\/henoi.org.py\/wp-content\/uploads\/2022\/03\/sara-montiel-scaled-e1647185764588-300x273.jpg 300w, https:\/\/henoi.org.py\/wp-content\/uploads\/2022\/03\/sara-montiel-scaled-e1647185764588-1024x933.jpg 1024w, https:\/\/henoi.org.py\/wp-content\/uploads\/2022\/03\/sara-montiel-scaled-e1647185764588-768x700.jpg 768w, https:\/\/henoi.org.py\/wp-content\/uploads\/2022\/03\/sara-montiel-scaled-e1647185764588.jpg 1440w\" sizes=\"(max-width: 300px) 100vw, 300px\" \/> Ingeniera Ambiental, egresada de la Facultad de Ciencias Agrarias de la Universidad Nacional de Asunci\u00f3n. \u00c1reas de inter\u00e9s relacionadas a conservaci\u00f3n de bosques y biodiversidad, defensa de derechos de sectores campesinos e ind\u00edgenas con enfoques de perspectiva de g\u00e9nero.<\/p><p>Uni\u00f3n al equipo de He\u00f1\u00f3i Centro de Estudios en el a\u00f1o 2021, actualmente apoyando en el funcionamiento y fortalecimiento de la Red de semillas, una plataforma de conexi\u00f3n de productorxs semilleros a nivel nacional.<\/p><p>Mail: <a href=\"mailto:sara.montiel12@gmail.com\" target=\"_blank\" rel=\"noopener\">sara.montiel12@gmail.com<\/a><\/p><\/div>\n                <\/div><div class=\"eael-accordion-list\">\n                <div id=\"ngel-tuninetti-phd-\" class=\"elementor-tab-title eael-accordion-header\" tabindex=\"0\" data-tab=\"5\" aria-controls=\"elementor-tab-content-7575\"><span class=\"eael-advanced-accordion-icon-closed\"><i aria-hidden=\"true\" class=\"fa-accordion-icon far fa-address-book\"><\/i><\/span><span class=\"eael-advanced-accordion-icon-opened\"><i aria-hidden=\"true\" class=\"fa-accordion-icon fas fa-minus\"><\/i><\/span><h5 class=\"eael-accordion-tab-title\">\u00c1ngel Tuninetti Ph.D. <\/h5><i aria-hidden=\"true\" class=\"fa-toggle fas fa-angle-right\"><\/i><\/div><div id=\"elementor-tab-content-7575\" class=\"eael-accordion-content clearfix\" data-tab=\"5\" aria-labelledby=\"ngel-tuninetti-phd-\"><p><img loading=\"lazy\" decoding=\"async\" class=\"size-medium wp-image-1623 alignleft\" src=\"http:\/\/localhost\/henoinew\/wp-content\/uploads\/2022\/02\/angel02-300x244.jpg\" alt=\"\" width=\"300\" height=\"244\" srcset=\"https:\/\/henoi.org.py\/wp-content\/uploads\/2022\/02\/angel02-300x244.jpg 300w, https:\/\/henoi.org.py\/wp-content\/uploads\/2022\/02\/angel02-768x624.jpg 768w, https:\/\/henoi.org.py\/wp-content\/uploads\/2022\/02\/angel02.jpg 946w\" sizes=\"(max-width: 300px) 100vw, 300px\" \/>Profesor Em\u00e9rito de Humanidades, West Virginia University. Licenciado en Letras por la Universidad Nacional de C\u00f3rdoba (Argentina) y Doctor en Literatura Hispanoamericana por Washington University in St. Louis (EEUU), tiene una larga carrera como docente e investigador en temas de cultura latinoamericana, incluyendo culturas alimentarias e interculturalidad. Adem\u00e1s, posee amplia experiencia en gesti\u00f3n universitaria y en internacionalizaci\u00f3n de la educaci\u00f3n superior.<\/p><p>Mail: <a href=\"mailto:angeltuninetti@gmail.com\" target=\"_blank\" rel=\"noopener\">angeltuninetti@gmail.com<\/a><\/p><\/div>\n                <\/div><div class=\"eael-accordion-list\">\n                <div id=\"omar-t-yampey\" class=\"elementor-tab-title eael-accordion-header\" tabindex=\"0\" data-tab=\"6\" aria-controls=\"elementor-tab-content-7576\"><span class=\"eael-advanced-accordion-icon-closed\"><i aria-hidden=\"true\" class=\"fa-accordion-icon far fa-address-book\"><\/i><\/span><span class=\"eael-advanced-accordion-icon-opened\"><i aria-hidden=\"true\" class=\"fa-accordion-icon fas fa-minus\"><\/i><\/span><h5 class=\"eael-accordion-tab-title\">Omar T. Yampey<\/h5><i aria-hidden=\"true\" class=\"fa-toggle fas fa-angle-right\"><\/i><\/div><div id=\"elementor-tab-content-7576\" class=\"eael-accordion-content clearfix\" data-tab=\"6\" aria-labelledby=\"omar-t-yampey\"><p><img loading=\"lazy\" decoding=\"async\" class=\"alignleft wp-image-2052 size-medium\" src=\"https:\/\/henoi.org.py\/v2\/wp-content\/uploads\/2022\/03\/Foto-Web-Henoi-omar-271x300.jpg\" alt=\"\" width=\"271\" height=\"300\" srcset=\"https:\/\/henoi.org.py\/wp-content\/uploads\/2022\/03\/Foto-Web-Henoi-omar-271x300.jpg 271w, https:\/\/henoi.org.py\/wp-content\/uploads\/2022\/03\/Foto-Web-Henoi-omar-768x851.jpg 768w, https:\/\/henoi.org.py\/wp-content\/uploads\/2022\/03\/Foto-Web-Henoi-omar.jpg 842w\" sizes=\"(max-width: 271px) 100vw, 271px\" \/>Soci\u00f3logo, Maestrando en Sociolog\u00eda y en Ciencia Pol\u00edtica por la Universidad Nacional de Asunci\u00f3n (UNA). Actuaci\u00f3n profesional en investigaci\u00f3n de diversas \u00e1reas de la Sociolog\u00eda, desde la S. Rural, S. de los Movimientos Sociales, S. del Desarrollo hasta la Sociolog\u00eda Pol\u00edtica. Miembro fundador de la Asociaci\u00f3n Paraguaya de Sociolog\u00eda (APS). Aficionado de la m\u00fasica y del arte culinario. Convencido de que la tarea \u00faltima de la ciencia y del conocimiento es, como dec\u00eda Bertolt Brecht \u201caliviar la miseria de la existencia humana\u201d, poniendo en evidencia los mecanismos de poder que generan desigualdad, injusticia y explotaci\u00f3n, y acompa\u00f1ando los procesos de lucha y transformaci\u00f3n que vienen desplegando los pueblos oprimidos del mundo por una organizaci\u00f3n social superior al capitalismo actual.<\/p><p>Mail: <a href=\"mailto:omaryampey@gmail.com\" target=\"_blank\" rel=\"noopener\">omaryampey@gmail.com<\/a><\/p><\/div>\n                <\/div><div class=\"eael-accordion-list\">\n                <div id=\"sandino-flecha\" class=\"elementor-tab-title eael-accordion-header\" tabindex=\"0\" data-tab=\"7\" aria-controls=\"elementor-tab-content-7577\"><span class=\"eael-advanced-accordion-icon-closed\"><i aria-hidden=\"true\" class=\"fa-accordion-icon far fa-address-book\"><\/i><\/span><span class=\"eael-advanced-accordion-icon-opened\"><i aria-hidden=\"true\" class=\"fa-accordion-icon fas fa-minus\"><\/i><\/span><h5 class=\"eael-accordion-tab-title\">Sandino Flecha<\/h5><i aria-hidden=\"true\" class=\"fa-toggle fas fa-angle-right\"><\/i><\/div><div id=\"elementor-tab-content-7577\" class=\"eael-accordion-content clearfix\" data-tab=\"7\" aria-labelledby=\"sandino-flecha\"><p><img loading=\"lazy\" decoding=\"async\" class=\"size-medium wp-image-4336 alignleft\" src=\"https:\/\/henoi.org.py\/v2\/wp-content\/uploads\/2023\/11\/Sandino-300x200.jpg\" alt=\"\" width=\"300\" height=\"200\" srcset=\"https:\/\/henoi.org.py\/wp-content\/uploads\/2023\/11\/Sandino-300x200.jpg 300w, https:\/\/henoi.org.py\/wp-content\/uploads\/2023\/11\/Sandino-1024x682.jpg 1024w, https:\/\/henoi.org.py\/wp-content\/uploads\/2023\/11\/Sandino-768x512.jpg 768w, https:\/\/henoi.org.py\/wp-content\/uploads\/2023\/11\/Sandino-1536x1023.jpg 1536w, https:\/\/henoi.org.py\/wp-content\/uploads\/2023\/11\/Sandino.jpg 1600w\" sizes=\"(max-width: 300px) 100vw, 300px\" \/>Formado en Ecolog\u00eda Humana de la Facultad de Ciencias Agrarias de la Universidad Nacional de Asunci\u00f3n. Se dedica a la fotograf\u00eda, la realizaci\u00f3n audiovisual y al periodismo. Actualmente es el encargado de comunicaci\u00f3n de la organizaci\u00f3n.<\/p><p>Email: sandinoflecha@gmail.com<\/p><\/div>\n                <\/div><div class=\"eael-accordion-list\">\n                <div id=\"elisa-marecos\" class=\"elementor-tab-title eael-accordion-header\" tabindex=\"0\" data-tab=\"8\" aria-controls=\"elementor-tab-content-7578\"><span class=\"eael-advanced-accordion-icon-closed\"><i aria-hidden=\"true\" class=\"fa-accordion-icon far fa-address-book\"><\/i><\/span><span class=\"eael-advanced-accordion-icon-opened\"><i aria-hidden=\"true\" class=\"fa-accordion-icon fas fa-minus\"><\/i><\/span><h5 class=\"eael-accordion-tab-title\">Elisa Marecos<\/h5><i aria-hidden=\"true\" class=\"fa-toggle fas fa-angle-right\"><\/i><\/div><div id=\"elementor-tab-content-7578\" class=\"eael-accordion-content clearfix\" data-tab=\"8\" aria-labelledby=\"elisa-marecos\"><p><img loading=\"lazy\" decoding=\"async\" class=\"size-medium wp-image-4337 alignleft\" src=\"https:\/\/henoi.org.py\/v2\/wp-content\/uploads\/2023\/11\/Elisa-300x300.jpg\" alt=\"\" width=\"300\" height=\"300\" srcset=\"https:\/\/henoi.org.py\/wp-content\/uploads\/2023\/11\/Elisa-300x300.jpg 300w, https:\/\/henoi.org.py\/wp-content\/uploads\/2023\/11\/Elisa-150x150.jpg 150w, https:\/\/henoi.org.py\/wp-content\/uploads\/2023\/11\/Elisa.jpg 640w\" sizes=\"(max-width: 300px) 100vw, 300px\" \/>Trabajadora de narrativas visuales. Formada en Ciencias de la Comunicaci\u00f3n de la Facultad de Filosof\u00eda de la Universidad Nacional de Asunci\u00f3n. Se dedica a la fotograf\u00eda, el periodismo y la realizaci\u00f3n audiovisual. Actualmente encargada de comunicaci\u00f3n en He\u00f1\u00f3i.<\/p><p>Email: elisamarsal96@gmail.com<\/p><\/div>\n                <\/div><div class=\"eael-accordion-list\">\n                <div id=\"romina-martnez-\" class=\"elementor-tab-title eael-accordion-header\" tabindex=\"0\" data-tab=\"9\" aria-controls=\"elementor-tab-content-7579\"><span class=\"eael-advanced-accordion-icon-closed\"><i aria-hidden=\"true\" class=\"fa-accordion-icon far fa-address-book\"><\/i><\/span><span class=\"eael-advanced-accordion-icon-opened\"><i aria-hidden=\"true\" class=\"fa-accordion-icon fas fa-minus\"><\/i><\/span><h5 class=\"eael-accordion-tab-title\">Romina Mart\u00ednez <\/h5><i aria-hidden=\"true\" class=\"fa-toggle fas fa-angle-right\"><\/i><\/div><div id=\"elementor-tab-content-7579\" class=\"eael-accordion-content clearfix\" data-tab=\"9\" aria-labelledby=\"romina-martnez-\"><p><img loading=\"lazy\" decoding=\"async\" class=\"size-medium wp-image-4338 alignleft\" src=\"https:\/\/henoi.org.py\/v2\/wp-content\/uploads\/2023\/11\/romina-300x225.jpg\" alt=\"\" width=\"300\" height=\"225\" srcset=\"https:\/\/henoi.org.py\/wp-content\/uploads\/2023\/11\/romina-300x225.jpg 300w, https:\/\/henoi.org.py\/wp-content\/uploads\/2023\/11\/romina-768x576.jpg 768w, https:\/\/henoi.org.py\/wp-content\/uploads\/2023\/11\/romina.jpg 1024w\" sizes=\"(max-width: 300px) 100vw, 300px\" \/>Formaci\u00f3n en la carrera de Administraci\u00f3n de Empresas de la Universidad Iberoamericana. Destaca por su responsabilidad, organizaci\u00f3n, capacidad de trabajo en equipo y ganas de aprender.<\/p><p>Email: romimartt6@gmail.com<\/p><\/div>\n                <\/div><div class=\"eael-accordion-list\">\n                <div id=\"alhel-gonzlez-cceres\" class=\"elementor-tab-title eael-accordion-header\" tabindex=\"0\" data-tab=\"10\" aria-controls=\"elementor-tab-content-75710\"><span class=\"eael-advanced-accordion-icon-closed\"><i aria-hidden=\"true\" class=\"fa-accordion-icon far fa-address-book\"><\/i><\/span><span class=\"eael-advanced-accordion-icon-opened\"><i aria-hidden=\"true\" class=\"fa-accordion-icon fas fa-minus\"><\/i><\/span><h5 class=\"eael-accordion-tab-title\">Alhel\u00ed Gonz\u00e1lez C\u00e1ceres<\/h5><i aria-hidden=\"true\" class=\"fa-toggle fas fa-angle-right\"><\/i><\/div><div id=\"elementor-tab-content-75710\" class=\"eael-accordion-content clearfix\" data-tab=\"10\" aria-labelledby=\"alhel-gonzlez-cceres\"><p><img loading=\"lazy\" decoding=\"async\" class=\"size-medium wp-image-4729 alignleft\" src=\"https:\/\/henoi.org.py\/wp-content\/uploads\/2024\/02\/Alheli-223x300.jpeg\" alt=\"\" width=\"223\" height=\"300\" srcset=\"https:\/\/henoi.org.py\/wp-content\/uploads\/2024\/02\/Alheli-223x300.jpeg 223w, https:\/\/henoi.org.py\/wp-content\/uploads\/2024\/02\/Alheli-760x1024.jpeg 760w, https:\/\/henoi.org.py\/wp-content\/uploads\/2024\/02\/Alheli-768x1035.jpeg 768w, https:\/\/henoi.org.py\/wp-content\/uploads\/2024\/02\/Alheli-1139x1536.jpeg 1139w, https:\/\/henoi.org.py\/wp-content\/uploads\/2024\/02\/Alheli.jpeg 1186w\" sizes=\"(max-width: 223px) 100vw, 223px\" \/>Es Economista por la Universidad de Pinar del R\u00edo, Cuba. M\u00e1ster en Ciencias Sociales con Menci\u00f3n en Desarrollo Social e Investigaci\u00f3n por FLACSO Paraguay. Doctoranda en Econom\u00eda por el Instituto de Industria de la Universidad Nacional de General Sarmiento, Buenos Aires, Argentina.<\/p><\/div>\n                <\/div><\/div>\t\t\t\t<\/div>\n\t\t\t\t<\/div>\n\t\t\t\t\t<\/div>\n\t\t<\/div>\n\t\t\t\t\t<\/div>\n\t\t<\/section>\n\t\t\t\t<section class=\"elementor-section elementor-top-section elementor-element elementor-element-28ed787 elementor-section-boxed elementor-section-height-default elementor-section-height-default wpr-particle-no wpr-jarallax-no wpr-parallax-no wpr-sticky-section-no\" data-id=\"28ed787\" data-element_type=\"section\">\n\t\t\t\t\t\t<div class=\"elementor-container elementor-column-gap-default\">\n\t\t\t\t\t<div class=\"elementor-column elementor-col-100 elementor-top-column elementor-element elementor-element-31de44c\" data-id=\"31de44c\" data-element_type=\"column\">\n\t\t\t<div class=\"elementor-widget-wrap\">\n\t\t\t\t\t\t\t<\/div>\n\t\t<\/div>\n\t\t\t\t\t<\/div>\n\t\t<\/section>\n\t\t\t\t<\/div>\n\t\t","protected":false},"excerpt":{"rendered":"<p>Integrantes Camila Escauriza Formada en sociolog\u00eda, su desempe\u00f1o laboral se ha centrado en la administraci\u00f3n de entidades privadas y de la sociedad civil.\u00a0Actualmente se encuentra cursando la carrera de contabilidad. Se define c\u00f3mo soci\u00f3loga, administradora y feminista. Mail: \u00a0camiescauriza@gmail.com In\u00e9s Franceschelli Formada en comunicaci\u00f3n, ha trabajado en medios masivos, en estrategias de comunicaci\u00f3n empresarial y organizacional, y actualmente \u00a0se dedica a la investigaci\u00f3n e incidencia en temas relacionados con la disputa por la tierra, los agronegocios y las violaciones a los derechos humanos. Pone \u00e9nfasis en la vulneraci\u00f3n alimentaria que implica el avance del control corporativo sobre el sistema agroalimentario, desde una perspectiva anticapitalista e internacionalista. Mail: ineselisafranceschelli@gmail.com Miguel Lovera Ph.D. Miguel Lovera es agr\u00f3nomo por la Universidad de Asunci\u00f3n, y cuenta con un doctorado de la Georgia State Agrarian University. Dedic\u00f3 su carrera a la conservaci\u00f3n de plantas in situ a trav\u00e9s de un conjunto diverso de actividades que van desde la investigaci\u00f3n cient\u00edfica y t\u00e9cnica, las pol\u00edticas y la promoci\u00f3n, el activismo y el servicio civil. El enfoque principal de su trabajo es la comprensi\u00f3n de la interfaz entre ciencia y pol\u00edtica. Mail: miguellovera.iam@gmail.com Sara Montiel Ingeniera Ambiental, egresada de la Facultad de Ciencias Agrarias de la Universidad Nacional de Asunci\u00f3n. \u00c1reas de inter\u00e9s relacionadas a conservaci\u00f3n de bosques y biodiversidad, defensa de derechos de sectores campesinos e ind\u00edgenas con enfoques de perspectiva de g\u00e9nero. Uni\u00f3n al equipo de He\u00f1\u00f3i Centro de Estudios en el a\u00f1o 2021, actualmente apoyando en el funcionamiento y fortalecimiento de la Red de semillas, una plataforma de conexi\u00f3n de productorxs semilleros a nivel nacional. Mail: sara.montiel12@gmail.com \u00c1ngel Tuninetti Ph.D. Profesor Em\u00e9rito de Humanidades, West Virginia University. Licenciado en Letras por la Universidad Nacional de C\u00f3rdoba (Argentina) y Doctor en Literatura Hispanoamericana por Washington University in St. Louis (EEUU), tiene una larga carrera como docente e investigador en temas de cultura latinoamericana, incluyendo culturas alimentarias e interculturalidad. Adem\u00e1s, posee amplia experiencia en gesti\u00f3n universitaria y en internacionalizaci\u00f3n de la educaci\u00f3n superior. Mail: angeltuninetti@gmail.com Omar T. Yampey Soci\u00f3logo, Maestrando en Sociolog\u00eda y en Ciencia Pol\u00edtica por la Universidad Nacional de Asunci\u00f3n (UNA). Actuaci\u00f3n profesional en investigaci\u00f3n de diversas \u00e1reas de la Sociolog\u00eda, desde la S. Rural, S. de los Movimientos Sociales, S. del Desarrollo hasta la Sociolog\u00eda Pol\u00edtica. Miembro fundador de la Asociaci\u00f3n Paraguaya de Sociolog\u00eda (APS). Aficionado de la m\u00fasica y del arte culinario. Convencido de que la tarea \u00faltima de la ciencia y del conocimiento es, como dec\u00eda Bertolt Brecht \u201caliviar la miseria de la existencia humana\u201d, poniendo en evidencia los mecanismos de poder que generan desigualdad, injusticia y explotaci\u00f3n, y acompa\u00f1ando los procesos de lucha y transformaci\u00f3n que vienen desplegando los pueblos oprimidos del mundo por una organizaci\u00f3n social superior al capitalismo actual. Mail: omaryampey@gmail.com Sandino Flecha Formado en Ecolog\u00eda Humana de la Facultad de Ciencias Agrarias de la Universidad Nacional de Asunci\u00f3n. Se dedica a la fotograf\u00eda, la realizaci\u00f3n audiovisual y al periodismo. Actualmente es el encargado de comunicaci\u00f3n de la organizaci\u00f3n. Email: sandinoflecha@gmail.com Elisa Marecos Trabajadora de narrativas visuales. Formada en Ciencias de la Comunicaci\u00f3n de la Facultad de Filosof\u00eda de la Universidad Nacional de Asunci\u00f3n. Se dedica a la fotograf\u00eda, el periodismo y la realizaci\u00f3n audiovisual. Actualmente encargada de comunicaci\u00f3n en He\u00f1\u00f3i. Email: elisamarsal96@gmail.com Romina Mart\u00ednez Formaci\u00f3n en la carrera de Administraci\u00f3n de Empresas de la Universidad Iberoamericana. Destaca por su responsabilidad, organizaci\u00f3n, capacidad de trabajo en equipo y ganas de aprender. Email: romimartt6@gmail.com Alhel\u00ed Gonz\u00e1lez C\u00e1ceres Es Economista por la Universidad de Pinar del R\u00edo, Cuba. M\u00e1ster en Ciencias Sociales con Menci\u00f3n en Desarrollo Social e Investigaci\u00f3n por FLACSO Paraguay. Doctoranda en Econom\u00eda por el Instituto de Industria de la Universidad Nacional de General Sarmiento, Buenos Aires, Argentina.<\/p>\n","protected":false},"author":1,"featured_media":0,"parent":0,"menu_order":0,"comment_status":"closed","ping_status":"closed","template":"elementor_header_footer","meta":{"footnotes":""},"class_list":["post-1854","page","type-page","status-publish","hentry"],"yoast_head":"<!-- This site is optimized with the Yoast SEO plugin v25.5 - https:\/\/yoast.com\/wordpress\/plugins\/seo\/ -->\n<title>Integrantes - henoi<\/title>\n<meta name=\"robots\" content=\"index, follow, max-snippet:-1, max-image-preview:large, max-video-preview:-1\" \/>\n<link rel=\"canonical\" href=\"https:\/\/henoi.org.py\/index.php\/integrantes\/\" \/>\n<meta property=\"og:locale\" content=\"es_ES\" \/>\n<meta property=\"og:type\" content=\"article\" \/>\n<meta property=\"og:title\" content=\"Integrantes - henoi\" \/>\n<meta property=\"og:description\" content=\"Integrantes Camila Escauriza Formada en sociolog\u00eda, su desempe\u00f1o laboral se ha centrado en la administraci\u00f3n de entidades privadas y de la sociedad civil.\u00a0Actualmente se encuentra cursando la carrera de contabilidad. Se define c\u00f3mo soci\u00f3loga, administradora y feminista. Mail: \u00a0camiescauriza@gmail.com In\u00e9s Franceschelli Formada en comunicaci\u00f3n, ha trabajado en medios masivos, en estrategias de comunicaci\u00f3n empresarial y organizacional, y actualmente \u00a0se dedica a la investigaci\u00f3n e incidencia en temas relacionados con la disputa por la tierra, los agronegocios y las violaciones a los derechos humanos. Pone \u00e9nfasis en la vulneraci\u00f3n alimentaria que implica el avance del control corporativo sobre el sistema agroalimentario, desde una perspectiva anticapitalista e internacionalista. Mail: ineselisafranceschelli@gmail.com Miguel Lovera Ph.D. Miguel Lovera es agr\u00f3nomo por la Universidad de Asunci\u00f3n, y cuenta con un doctorado de la Georgia State Agrarian University. Dedic\u00f3 su carrera a la conservaci\u00f3n de plantas in situ a trav\u00e9s de un conjunto diverso de actividades que van desde la investigaci\u00f3n cient\u00edfica y t\u00e9cnica, las pol\u00edticas y la promoci\u00f3n, el activismo y el servicio civil. El enfoque principal de su trabajo es la comprensi\u00f3n de la interfaz entre ciencia y pol\u00edtica. Mail: miguellovera.iam@gmail.com Sara Montiel Ingeniera Ambiental, egresada de la Facultad de Ciencias Agrarias de la Universidad Nacional de Asunci\u00f3n. \u00c1reas de inter\u00e9s relacionadas a conservaci\u00f3n de bosques y biodiversidad, defensa de derechos de sectores campesinos e ind\u00edgenas con enfoques de perspectiva de g\u00e9nero. Uni\u00f3n al equipo de He\u00f1\u00f3i Centro de Estudios en el a\u00f1o 2021, actualmente apoyando en el funcionamiento y fortalecimiento de la Red de semillas, una plataforma de conexi\u00f3n de productorxs semilleros a nivel nacional. Mail: sara.montiel12@gmail.com \u00c1ngel Tuninetti Ph.D. Profesor Em\u00e9rito de Humanidades, West Virginia University. Licenciado en Letras por la Universidad Nacional de C\u00f3rdoba (Argentina) y Doctor en Literatura Hispanoamericana por Washington University in St. Louis (EEUU), tiene una larga carrera como docente e investigador en temas de cultura latinoamericana, incluyendo culturas alimentarias e interculturalidad. Adem\u00e1s, posee amplia experiencia en gesti\u00f3n universitaria y en internacionalizaci\u00f3n de la educaci\u00f3n superior. Mail: angeltuninetti@gmail.com Omar T. Yampey Soci\u00f3logo, Maestrando en Sociolog\u00eda y en Ciencia Pol\u00edtica por la Universidad Nacional de Asunci\u00f3n (UNA). Actuaci\u00f3n profesional en investigaci\u00f3n de diversas \u00e1reas de la Sociolog\u00eda, desde la S. Rural, S. de los Movimientos Sociales, S. del Desarrollo hasta la Sociolog\u00eda Pol\u00edtica. Miembro fundador de la Asociaci\u00f3n Paraguaya de Sociolog\u00eda (APS). Aficionado de la m\u00fasica y del arte culinario. Convencido de que la tarea \u00faltima de la ciencia y del conocimiento es, como dec\u00eda Bertolt Brecht \u201caliviar la miseria de la existencia humana\u201d, poniendo en evidencia los mecanismos de poder que generan desigualdad, injusticia y explotaci\u00f3n, y acompa\u00f1ando los procesos de lucha y transformaci\u00f3n que vienen desplegando los pueblos oprimidos del mundo por una organizaci\u00f3n social superior al capitalismo actual. Mail: omaryampey@gmail.com Sandino Flecha Formado en Ecolog\u00eda Humana de la Facultad de Ciencias Agrarias de la Universidad Nacional de Asunci\u00f3n. Se dedica a la fotograf\u00eda, la realizaci\u00f3n audiovisual y al periodismo. Actualmente es el encargado de comunicaci\u00f3n de la organizaci\u00f3n. Email: sandinoflecha@gmail.com Elisa Marecos Trabajadora de narrativas visuales. Formada en Ciencias de la Comunicaci\u00f3n de la Facultad de Filosof\u00eda de la Universidad Nacional de Asunci\u00f3n. Se dedica a la fotograf\u00eda, el periodismo y la realizaci\u00f3n audiovisual. Actualmente encargada de comunicaci\u00f3n en He\u00f1\u00f3i. Email: elisamarsal96@gmail.com Romina Mart\u00ednez Formaci\u00f3n en la carrera de Administraci\u00f3n de Empresas de la Universidad Iberoamericana. Destaca por su responsabilidad, organizaci\u00f3n, capacidad de trabajo en equipo y ganas de aprender. Email: romimartt6@gmail.com Alhel\u00ed Gonz\u00e1lez C\u00e1ceres Es Economista por la Universidad de Pinar del R\u00edo, Cuba. M\u00e1ster en Ciencias Sociales con Menci\u00f3n en Desarrollo Social e Investigaci\u00f3n por FLACSO Paraguay. Doctoranda en Econom\u00eda por el Instituto de Industria de la Universidad Nacional de General Sarmiento, Buenos Aires, Argentina.\" \/>\n<meta property=\"og:url\" content=\"https:\/\/henoi.org.py\/index.php\/integrantes\/\" \/>\n<meta property=\"og:site_name\" content=\"henoi\" \/>\n<meta property=\"article:modified_time\" content=\"2025-07-20T20:55:54+00:00\" \/>\n<meta property=\"og:image\" content=\"http:\/\/localhost\/henoinew\/wp-content\/uploads\/2022\/03\/camila-300x300.jpg\" \/>\n<meta name=\"twitter:card\" content=\"summary_large_image\" \/>\n<meta name=\"twitter:label1\" content=\"Tiempo de lectura\" \/>\n\t<meta name=\"twitter:data1\" content=\"5 minutos\" \/>\n<script type=\"application\/ld+json\" class=\"yoast-schema-graph\">{\"@context\":\"https:\/\/schema.org\",\"@graph\":[{\"@type\":\"WebPage\",\"@id\":\"https:\/\/henoi.org.py\/index.php\/integrantes\/\",\"url\":\"https:\/\/henoi.org.py\/index.php\/integrantes\/\",\"name\":\"Integrantes - henoi\",\"isPartOf\":{\"@id\":\"https:\/\/henoi.org.py\/#website\"},\"primaryImageOfPage\":{\"@id\":\"https:\/\/henoi.org.py\/index.php\/integrantes\/#primaryimage\"},\"image\":{\"@id\":\"https:\/\/henoi.org.py\/index.php\/integrantes\/#primaryimage\"},\"thumbnailUrl\":\"http:\/\/localhost\/henoinew\/wp-content\/uploads\/2022\/03\/camila-300x300.jpg\",\"datePublished\":\"2022-03-13T14:59:48+00:00\",\"dateModified\":\"2025-07-20T20:55:54+00:00\",\"breadcrumb\":{\"@id\":\"https:\/\/henoi.org.py\/index.php\/integrantes\/#breadcrumb\"},\"inLanguage\":\"es-AR\",\"potentialAction\":[{\"@type\":\"ReadAction\",\"target\":[\"https:\/\/henoi.org.py\/index.php\/integrantes\/\"]}]},{\"@type\":\"ImageObject\",\"inLanguage\":\"es-AR\",\"@id\":\"https:\/\/henoi.org.py\/index.php\/integrantes\/#primaryimage\",\"url\":\"http:\/\/localhost\/henoinew\/wp-content\/uploads\/2022\/03\/camila-300x300.jpg\",\"contentUrl\":\"http:\/\/localhost\/henoinew\/wp-content\/uploads\/2022\/03\/camila-300x300.jpg\"},{\"@type\":\"BreadcrumbList\",\"@id\":\"https:\/\/henoi.org.py\/index.php\/integrantes\/#breadcrumb\",\"itemListElement\":[{\"@type\":\"ListItem\",\"position\":1,\"name\":\"Inicio\",\"item\":\"https:\/\/henoi.org.py\/\"},{\"@type\":\"ListItem\",\"position\":2,\"name\":\"Integrantes\"}]},{\"@type\":\"WebSite\",\"@id\":\"https:\/\/henoi.org.py\/#website\",\"url\":\"https:\/\/henoi.org.py\/\",\"name\":\"henoi\",\"description\":\"Centro de estudios\",\"potentialAction\":[{\"@type\":\"SearchAction\",\"target\":{\"@type\":\"EntryPoint\",\"urlTemplate\":\"https:\/\/henoi.org.py\/?s={search_term_string}\"},\"query-input\":{\"@type\":\"PropertyValueSpecification\",\"valueRequired\":true,\"valueName\":\"search_term_string\"}}],\"inLanguage\":\"es-AR\"}]}<\/script>\n<!-- \/ Yoast SEO plugin. -->","yoast_head_json":{"title":"Integrantes - henoi","robots":{"index":"index","follow":"follow","max-snippet":"max-snippet:-1","max-image-preview":"max-image-preview:large","max-video-preview":"max-video-preview:-1"},"canonical":"https:\/\/henoi.org.py\/index.php\/integrantes\/","og_locale":"es_ES","og_type":"article","og_title":"Integrantes - henoi","og_description":"Integrantes Camila Escauriza Formada en sociolog\u00eda, su desempe\u00f1o laboral se ha centrado en la administraci\u00f3n de entidades privadas y de la sociedad civil.\u00a0Actualmente se encuentra cursando la carrera de contabilidad. Se define c\u00f3mo soci\u00f3loga, administradora y feminista. Mail: \u00a0camiescauriza@gmail.com In\u00e9s Franceschelli Formada en comunicaci\u00f3n, ha trabajado en medios masivos, en estrategias de comunicaci\u00f3n empresarial y organizacional, y actualmente \u00a0se dedica a la investigaci\u00f3n e incidencia en temas relacionados con la disputa por la tierra, los agronegocios y las violaciones a los derechos humanos. Pone \u00e9nfasis en la vulneraci\u00f3n alimentaria que implica el avance del control corporativo sobre el sistema agroalimentario, desde una perspectiva anticapitalista e internacionalista. Mail: ineselisafranceschelli@gmail.com Miguel Lovera Ph.D. Miguel Lovera es agr\u00f3nomo por la Universidad de Asunci\u00f3n, y cuenta con un doctorado de la Georgia State Agrarian University. Dedic\u00f3 su carrera a la conservaci\u00f3n de plantas in situ a trav\u00e9s de un conjunto diverso de actividades que van desde la investigaci\u00f3n cient\u00edfica y t\u00e9cnica, las pol\u00edticas y la promoci\u00f3n, el activismo y el servicio civil. El enfoque principal de su trabajo es la comprensi\u00f3n de la interfaz entre ciencia y pol\u00edtica. Mail: miguellovera.iam@gmail.com Sara Montiel Ingeniera Ambiental, egresada de la Facultad de Ciencias Agrarias de la Universidad Nacional de Asunci\u00f3n. \u00c1reas de inter\u00e9s relacionadas a conservaci\u00f3n de bosques y biodiversidad, defensa de derechos de sectores campesinos e ind\u00edgenas con enfoques de perspectiva de g\u00e9nero. Uni\u00f3n al equipo de He\u00f1\u00f3i Centro de Estudios en el a\u00f1o 2021, actualmente apoyando en el funcionamiento y fortalecimiento de la Red de semillas, una plataforma de conexi\u00f3n de productorxs semilleros a nivel nacional. Mail: sara.montiel12@gmail.com \u00c1ngel Tuninetti Ph.D. Profesor Em\u00e9rito de Humanidades, West Virginia University. Licenciado en Letras por la Universidad Nacional de C\u00f3rdoba (Argentina) y Doctor en Literatura Hispanoamericana por Washington University in St. Louis (EEUU), tiene una larga carrera como docente e investigador en temas de cultura latinoamericana, incluyendo culturas alimentarias e interculturalidad. Adem\u00e1s, posee amplia experiencia en gesti\u00f3n universitaria y en internacionalizaci\u00f3n de la educaci\u00f3n superior. Mail: angeltuninetti@gmail.com Omar T. Yampey Soci\u00f3logo, Maestrando en Sociolog\u00eda y en Ciencia Pol\u00edtica por la Universidad Nacional de Asunci\u00f3n (UNA). Actuaci\u00f3n profesional en investigaci\u00f3n de diversas \u00e1reas de la Sociolog\u00eda, desde la S. Rural, S. de los Movimientos Sociales, S. del Desarrollo hasta la Sociolog\u00eda Pol\u00edtica. Miembro fundador de la Asociaci\u00f3n Paraguaya de Sociolog\u00eda (APS). Aficionado de la m\u00fasica y del arte culinario. Convencido de que la tarea \u00faltima de la ciencia y del conocimiento es, como dec\u00eda Bertolt Brecht \u201caliviar la miseria de la existencia humana\u201d, poniendo en evidencia los mecanismos de poder que generan desigualdad, injusticia y explotaci\u00f3n, y acompa\u00f1ando los procesos de lucha y transformaci\u00f3n que vienen desplegando los pueblos oprimidos del mundo por una organizaci\u00f3n social superior al capitalismo actual. Mail: omaryampey@gmail.com Sandino Flecha Formado en Ecolog\u00eda Humana de la Facultad de Ciencias Agrarias de la Universidad Nacional de Asunci\u00f3n. Se dedica a la fotograf\u00eda, la realizaci\u00f3n audiovisual y al periodismo. Actualmente es el encargado de comunicaci\u00f3n de la organizaci\u00f3n. Email: sandinoflecha@gmail.com Elisa Marecos Trabajadora de narrativas visuales. Formada en Ciencias de la Comunicaci\u00f3n de la Facultad de Filosof\u00eda de la Universidad Nacional de Asunci\u00f3n. Se dedica a la fotograf\u00eda, el periodismo y la realizaci\u00f3n audiovisual. Actualmente encargada de comunicaci\u00f3n en He\u00f1\u00f3i. Email: elisamarsal96@gmail.com Romina Mart\u00ednez Formaci\u00f3n en la carrera de Administraci\u00f3n de Empresas de la Universidad Iberoamericana. Destaca por su responsabilidad, organizaci\u00f3n, capacidad de trabajo en equipo y ganas de aprender. Email: romimartt6@gmail.com Alhel\u00ed Gonz\u00e1lez C\u00e1ceres Es Economista por la Universidad de Pinar del R\u00edo, Cuba. M\u00e1ster en Ciencias Sociales con Menci\u00f3n en Desarrollo Social e Investigaci\u00f3n por FLACSO Paraguay. Doctoranda en Econom\u00eda por el Instituto de Industria de la Universidad Nacional de General Sarmiento, Buenos Aires, Argentina.","og_url":"https:\/\/henoi.org.py\/index.php\/integrantes\/","og_site_name":"henoi","article_modified_time":"2025-07-20T20:55:54+00:00","og_image":[{"url":"http:\/\/localhost\/henoinew\/wp-content\/uploads\/2022\/03\/camila-300x300.jpg","type":"","width":"","height":""}],"twitter_card":"summary_large_image","twitter_misc":{"Tiempo de lectura":"5 minutos"},"schema":{"@context":"https:\/\/schema.org","@graph":[{"@type":"WebPage","@id":"https:\/\/henoi.org.py\/index.php\/integrantes\/","url":"https:\/\/henoi.org.py\/index.php\/integrantes\/","name":"Integrantes - henoi","isPartOf":{"@id":"https:\/\/henoi.org.py\/#website"},"primaryImageOfPage":{"@id":"https:\/\/henoi.org.py\/index.php\/integrantes\/#primaryimage"},"image":{"@id":"https:\/\/henoi.org.py\/index.php\/integrantes\/#primaryimage"},"thumbnailUrl":"http:\/\/localhost\/henoinew\/wp-content\/uploads\/2022\/03\/camila-300x300.jpg","datePublished":"2022-03-13T14:59:48+00:00","dateModified":"2025-07-20T20:55:54+00:00","breadcrumb":{"@id":"https:\/\/henoi.org.py\/index.php\/integrantes\/#breadcrumb"},"inLanguage":"es-AR","potentialAction":[{"@type":"ReadAction","target":["https:\/\/henoi.org.py\/index.php\/integrantes\/"]}]},{"@type":"ImageObject","inLanguage":"es-AR","@id":"https:\/\/henoi.org.py\/index.php\/integrantes\/#primaryimage","url":"http:\/\/localhost\/henoinew\/wp-content\/uploads\/2022\/03\/camila-300x300.jpg","contentUrl":"http:\/\/localhost\/henoinew\/wp-content\/uploads\/2022\/03\/camila-300x300.jpg"},{"@type":"BreadcrumbList","@id":"https:\/\/henoi.org.py\/index.php\/integrantes\/#breadcrumb","itemListElement":[{"@type":"ListItem","position":1,"name":"Inicio","item":"https:\/\/henoi.org.py\/"},{"@type":"ListItem","position":2,"name":"Integrantes"}]},{"@type":"WebSite","@id":"https:\/\/henoi.org.py\/#website","url":"https:\/\/henoi.org.py\/","name":"henoi","description":"Centro de estudios","potentialAction":[{"@type":"SearchAction","target":{"@type":"EntryPoint","urlTemplate":"https:\/\/henoi.org.py\/?s={search_term_string}"},"query-input":{"@type":"PropertyValueSpecification","valueRequired":true,"valueName":"search_term_string"}}],"inLanguage":"es-AR"}]}},"_links":{"self":[{"href":"https:\/\/henoi.org.py\/index.php\/wp-json\/wp\/v2\/pages\/1854","targetHints":{"allow":["GET"]}}],"collection":[{"href":"https:\/\/henoi.org.py\/index.php\/wp-json\/wp\/v2\/pages"}],"about":[{"href":"https:\/\/henoi.org.py\/index.php\/wp-json\/wp\/v2\/types\/page"}],"author":[{"embeddable":true,"href":"https:\/\/henoi.org.py\/index.php\/wp-json\/wp\/v2\/users\/1"}],"replies":[{"embeddable":true,"href":"https:\/\/henoi.org.py\/index.php\/wp-json\/wp\/v2\/comments?post=1854"}],"version-history":[{"count":110,"href":"https:\/\/henoi.org.py\/index.php\/wp-json\/wp\/v2\/pages\/1854\/revisions"}],"predecessor-version":[{"id":6214,"href":"https:\/\/henoi.org.py\/index.php\/wp-json\/wp\/v2\/pages\/1854\/revisions\/6214"}],"wp:attachment":[{"href":"https:\/\/henoi.org.py\/index.php\/wp-json\/wp\/v2\/media?parent=1854"}],"curies":[{"name":"wp","href":"https:\/\/api.w.org\/{rel}","templated":true}]}}